{"id":838,"date":"2019-03-12T16:29:23","date_gmt":"2019-03-12T16:29:23","guid":{"rendered":"http:\/\/www.aemc.pt\/portal\/?page_id=838"},"modified":"2025-05-05T15:15:49","modified_gmt":"2025-05-05T14:15:49","slug":"autoavaliacao-do-agrupamento","status":"publish","type":"page","link":"http:\/\/www.aemc.pt\/portal\/index.php\/autoavaliacao-do-agrupamento\/","title":{"rendered":"Autoavalia\u00e7\u00e3o do Agrupamento"},"content":{"rendered":"\n<blockquote class=\"wp-block-quote is-layout-flow wp-block-quote-is-layout-flow\">\n<p>Em Portugal, a preocupa\u00e7\u00e3o com a autoavalia\u00e7\u00e3o e com a qualidade surge nas escolas como imperativo legal, e n\u00e3o apenas devido \u00e0 necessidade de presta\u00e7\u00e3o de contas e responsabiliza\u00e7\u00e3o das institui\u00e7\u00f5es educativas e dos seus agentes.<\/p>\n<\/blockquote>\n\n\n\n<p>O presente relat\u00f3rio tem como principal objetivo proceder \u00e0 apresenta\u00e7\u00e3o do processo de autoavalia\u00e7\u00e3o realizado no Agrupamento de Macedo de Cavaleiros (AEMC) que decorreu no ano letivo 2024\/2025 (terminando em outubro de 2024).<\/p>\n\n\n\n<p>Tendo em conta que o presente exerc\u00edcio de autoavalia\u00e7\u00e3o se inseriu no \u00e2mbito da forma\u00e7\u00e3o \u201cCAF 2020 &#8211; Excel\u00eancia Organizacional &#8211; Registo de Acredita\u00e7\u00e3o CCPFC\/ACC-127051\/24\u201d, a equipa de autoavalia\u00e7\u00e3o (EA) designou o projeto como \u201cRumo \u00e0 Excel\u00eancia Organizacional\u201d.<\/p>\n\n\n\n<br>\n\n\n\n<p><i class=\"far fa-file-pdf\"><\/i><a href=\"http:\/\/www.aemc.pt\/portal\/wp-content\/uploads\/2025\/05\/Relatorio_Autoavaliacao_AEMC_CAF_2024.pdf\" target=\"_blank\" rel=\"noopener noreferrer\"> Relat\u00f3rio de Autoavalia\u00e7\u00e3o do Agrupamento (2024) <\/a><\/p>\n\n\n\n<br><br>\n\n\n\n<hr class=\"wp-block-separator has-alpha-channel-opacity\"\/>\n\n\n\n<p>O presente relat\u00f3rio tem como principal objetivo proceder \u00e0 apresenta\u00e7\u00e3o do processo de autoavalia\u00e7\u00e3o realizado no Agrupamento de Macedo de Cavaleiros (AEMC) que decorreu no ano letivo 2020\/2021 (terminando em abril de 2021).<\/p>\n\n\n\n<p>Tendo em conta que o presente exerc\u00edcio de autoavalia\u00e7\u00e3o se inseriu no \u00e2mbito da forma\u00e7\u00e3o \u201cCAF\/EFQM \u2013 Estrat\u00e9gias de melhoria para a excel\u00eancia organizacional &#8211; Registo de Acredita\u00e7\u00e3o CCPFC\/ACC- 105047\/19\u201d, a equipa de autoavalia\u00e7\u00e3o (EA) designou o projeto como \u201cMelhorar, Rumo \u00e0 Excel\u00eancia Organizacional\u201d.<\/p>\n\n\n\n<br>\n\n\n\n<p><i class=\"far fa-file-pdf\"><\/i><a href=\"http:\/\/www.aemc.pt\/portal\/wp-content\/uploads\/2022\/01\/Relatorio_Autoavaliacao_AEMC_CAF_2020_V4.pdf\" target=\"_blank\" rel=\"noreferrer noopener\"> Relat\u00f3rio de Autoavalia\u00e7\u00e3o do Agrupamento (2021)<\/a><\/p>\n\n\n\n<br>\n\n\n\n<p>O presente relat\u00f3rio tem como principal objetivo proceder \u00e0 apresenta\u00e7\u00e3o do processo de autoavalia\u00e7\u00e3o realizado no Agrupamento de Macedo de Cavaleiros (AEMC) que decorreu no ano letivo 2016\/2017 (terminando em setembro de 2017).<br>A equipa de autoavalia\u00e7\u00e3o (EA) designou o projeto como \u201cC. M. C. &#8211; Conhecer, Melhorar, Crescer.\u201d.<\/p>\n\n\n\n<p><i class=\"far fa-file-pdf\"><\/i><a href=\"http:\/\/www.aemc.pt\/portal\/wp-content\/uploads\/2019\/03\/Relat\u00f3rio-de-Autoavalia\u00e7\u00e3o-AE-Macedo-de-Cavaleiros-CAF-Educa\u00e7\u00e3o.pdf\" target=\"_blank\" rel=\"noreferrer noopener\"> Relat\u00f3rio de Autoavalia\u00e7\u00e3o do Agrupamento (2017)<\/a><\/p>\n\n\n\n<br><br><br><br><br><br>\n","protected":false},"excerpt":{"rendered":"<p>Em Portugal, a preocupa\u00e7\u00e3o com a autoavalia\u00e7\u00e3o e com a qualidade surge nas escolas como imperativo legal, e n\u00e3o apenas<\/p>\n","protected":false},"author":1,"featured_media":837,"parent":0,"menu_order":0,"comment_status":"closed","ping_status":"closed","template":"","meta":{"colormag_page_container_layout":"no_sidebar_full_width","colormag_page_sidebar_layout":"no_sidebar","ngg_post_thumbnail":0,"iawp_total_views":72,"footnotes":"","_links_to":"","_links_to_target":""},"class_list":["post-838","page","type-page","status-publish","has-post-thumbnail","hentry"],"_links":{"self":[{"href":"http:\/\/www.aemc.pt\/portal\/index.php\/wp-json\/wp\/v2\/pages\/838","targetHints":{"allow":["GET"]}}],"collection":[{"href":"http:\/\/www.aemc.pt\/portal\/index.php\/wp-json\/wp\/v2\/pages"}],"about":[{"href":"http:\/\/www.aemc.pt\/portal\/index.php\/wp-json\/wp\/v2\/types\/page"}],"author":[{"embeddable":true,"href":"http:\/\/www.aemc.pt\/portal\/index.php\/wp-json\/wp\/v2\/users\/1"}],"replies":[{"embeddable":true,"href":"http:\/\/www.aemc.pt\/portal\/index.php\/wp-json\/wp\/v2\/comments?post=838"}],"version-history":[{"count":11,"href":"http:\/\/www.aemc.pt\/portal\/index.php\/wp-json\/wp\/v2\/pages\/838\/revisions"}],"predecessor-version":[{"id":8015,"href":"http:\/\/www.aemc.pt\/portal\/index.php\/wp-json\/wp\/v2\/pages\/838\/revisions\/8015"}],"wp:featuredmedia":[{"embeddable":true,"href":"http:\/\/www.aemc.pt\/portal\/index.php\/wp-json\/wp\/v2\/media\/837"}],"wp:attachment":[{"href":"http:\/\/www.aemc.pt\/portal\/index.php\/wp-json\/wp\/v2\/media?parent=838"}],"curies":[{"name":"wp","href":"https:\/\/api.w.org\/{rel}","templated":true}]}}