{"id":980,"date":"2019-03-26T12:20:26","date_gmt":"2019-03-26T12:20:26","guid":{"rendered":"http:\/\/www.aemc.pt\/portal\/?page_id=980"},"modified":"2026-02-03T01:20:47","modified_gmt":"2026-02-03T00:20:47","slug":"conselho-pedagogico","status":"publish","type":"page","link":"http:\/\/www.aemc.pt\/portal\/index.php\/conselho-pedagogico\/","title":{"rendered":"Conselho Pedag\u00f3gico"},"content":{"rendered":"\n<blockquote class=\"wp-block-quote is-layout-flow wp-block-quote-is-layout-flow\">\n<p>Conselho Pedag\u00f3gico 2025\u20142029<\/p>\n<\/blockquote>\n\n\n\n<p><span style=\"color: #3366ff;\"><strong>REPRESENTANTES<\/strong><\/span><\/p>\n\n\n\n<p><strong><span style=\"color: #800080;\">Diretor<\/span><\/strong><br>Rog\u00e9rio Salvador Pereira Rodrigues <strong>(Presidente)<\/strong><\/p>\n\n\n\n<p><span style=\"color: #800080;\"><strong>Coordenadores de Departamento<\/strong><\/span><br><strong><span style=\"color: #3366ff;\">Ensino Pr\u00e9-escolar:<\/span> <\/strong>Ad\u00e9lia de Jesus Barroso Pires<br><strong><span style=\"color: #3366ff;\">Ensino de 1.\u00ba Ciclo do Ensino B\u00e1sico:<\/span> <\/strong>Maria Alexandra Gon\u00e7alves Subtil<br><span style=\"color: #3366ff;\"><strong>Ci\u00eancias Experimentais:<\/strong><\/span> Jo\u00e3o Paulo Veiga Matos<br><strong><span style=\"color: #3366ff;\">Ci\u00eancias Sociais e Humanas:<\/span> <\/strong>Gorete Idalina Ces\u00e1rio F\u00e9lix<br><strong><span style=\"color: #3366ff;\">Express\u00f5es:<\/span> <\/strong>Nat\u00e1lia Isabel Rodrigues Pereira Louren\u00e7o<br><strong><span style=\"color: #3366ff;\">L\u00ednguas:<\/span> <\/strong>Teresa Margarida Noronha A. A. Silva<br><strong><span style=\"color: #3366ff;\">Matem\u00e1tica:<\/span> <\/strong>Maria Manuela Sonim Cordeiro<\/p>\n\n\n\n<p><strong><span style=\"color: #800080;\">Coordenador de Projetos e Plano Anual de Atividades<\/span><\/strong><br>Paulo Duarte da Silva Dias<\/p>\n\n\n\n<p><strong><span style=\"color: #800080;\">Coordenadora dos Apoios e Complementos Educativos \/ Coordenadora EMAEI<\/span><\/strong><br>Herm\u00ednia Ilda Rocha Borges<\/p>\n\n\n\n<p><span style=\"color: #800080;\"><strong>Coordenadora do Conselho de Diretores de Turma do 2.\u00ba Ciclo do Ensino B\u00e1sico<\/strong><\/span><br>Margarida Benigna Rodrigues<\/p>\n\n\n\n<p><strong><span style=\"color: #800080;\">Coordenadora do Conselho de Diretores de Turma do 3\u00ba Ciclo do Ensino B\u00e1sico<\/span><\/strong><br>Lu\u00edsa Maria Veloso Gon\u00e7alves Morais<\/p>\n\n\n\n<p><strong><span style=\"color: #800080;\">Coordenador do Conselho de Diretores de Turma do Ensino Secund\u00e1rio<\/span><\/strong><br>Fernando Augusto Martins Mina<\/p>\n\n\n\n<p><strong><span style=\"color: #800080;\">Coordenador das Ofertas Educativas Profissionalmente Qualificantes<\/span><\/strong><br>Artur Henrique Martins<\/p>\n\n\n\n<p><strong><span style=\"color: #800080;\">Coordenador da Equipa de Coordena\u00e7\u00e3o das Bibliotecas Escolares<\/span><\/strong><br>Joel Filipe Duarte Casteleira<\/p>\n\n\n\n<br>\n\n\n\n<p><i class=\"far fa-file-pdf\"><\/i><a href=\"http:\/\/www.aemc.pt\/portal\/wp-content\/uploads\/2019\/03\/Regimento-interno-do-Conselho-Pedag\u00f3gico.pdf\" target=\"_blank\" rel=\"noopener noreferrer\"> Regimento Interno do Conselho Pedag\u00f3gico<\/a><\/p>\n\n\n\n<br><br><br><br><br><br>\n","protected":false},"excerpt":{"rendered":"<p>Conselho Pedag\u00f3gico 2025\u20142029 REPRESENTANTES DiretorRog\u00e9rio Salvador Pereira Rodrigues (Presidente) Coordenadores de DepartamentoEnsino Pr\u00e9-escolar: Ad\u00e9lia de Jesus Barroso PiresEnsino de 1.\u00ba<\/p>\n","protected":false},"author":1,"featured_media":5291,"parent":0,"menu_order":0,"comment_status":"closed","ping_status":"closed","template":"","meta":{"colormag_page_container_layout":"no_sidebar_full_width","colormag_page_sidebar_layout":"no_sidebar","ngg_post_thumbnail":0,"iawp_total_views":332,"footnotes":"","_links_to":"","_links_to_target":""},"class_list":["post-980","page","type-page","status-publish","has-post-thumbnail","hentry"],"_links":{"self":[{"href":"http:\/\/www.aemc.pt\/portal\/index.php\/wp-json\/wp\/v2\/pages\/980","targetHints":{"allow":["GET"]}}],"collection":[{"href":"http:\/\/www.aemc.pt\/portal\/index.php\/wp-json\/wp\/v2\/pages"}],"about":[{"href":"http:\/\/www.aemc.pt\/portal\/index.php\/wp-json\/wp\/v2\/types\/page"}],"author":[{"embeddable":true,"href":"http:\/\/www.aemc.pt\/portal\/index.php\/wp-json\/wp\/v2\/users\/1"}],"replies":[{"embeddable":true,"href":"http:\/\/www.aemc.pt\/portal\/index.php\/wp-json\/wp\/v2\/comments?post=980"}],"version-history":[{"count":19,"href":"http:\/\/www.aemc.pt\/portal\/index.php\/wp-json\/wp\/v2\/pages\/980\/revisions"}],"predecessor-version":[{"id":8767,"href":"http:\/\/www.aemc.pt\/portal\/index.php\/wp-json\/wp\/v2\/pages\/980\/revisions\/8767"}],"wp:featuredmedia":[{"embeddable":true,"href":"http:\/\/www.aemc.pt\/portal\/index.php\/wp-json\/wp\/v2\/media\/5291"}],"wp:attachment":[{"href":"http:\/\/www.aemc.pt\/portal\/index.php\/wp-json\/wp\/v2\/media?parent=980"}],"curies":[{"name":"wp","href":"https:\/\/api.w.org\/{rel}","templated":true}]}}